{"id":1260,"date":"2023-07-21T11:46:13","date_gmt":"2023-07-21T09:46:13","guid":{"rendered":"https:\/\/bosquesdecantabria.org\/wordpress\/?page_id=1260"},"modified":"2023-07-24T12:53:20","modified_gmt":"2023-07-24T10:53:20","slug":"inicio","status":"publish","type":"page","link":"https:\/\/bosquesdecantabria.org\/wordpress\/","title":{"rendered":"Asociaci\u00f3n Cultural Bosques de Cantabria"},"content":{"rendered":"<div class=\"wp-block-image\">\n<figure class=\"aligncenter size-full\"><a href=\"https:\/\/bosquesdecantabria.org\/wordpress\/reforesta\/\"><img data-recalc-dims=\"1\" loading=\"lazy\" decoding=\"async\" width=\"718\" height=\"475\" src=\"https:\/\/i0.wp.com\/bosquesdecantabria.org\/wordpress\/wp-content\/uploads\/2013\/04\/cropped-REFORESTA-BOSQUES-FRENTE-AL-CAMBIO-CLIMATICO-min-2.jpg?resize=718%2C475&#038;ssl=1\" alt=\"\" class=\"wp-image-1226\" srcset=\"https:\/\/i0.wp.com\/bosquesdecantabria.org\/wordpress\/wp-content\/uploads\/2013\/04\/cropped-REFORESTA-BOSQUES-FRENTE-AL-CAMBIO-CLIMATICO-min-2.jpg?w=718&amp;ssl=1 718w, https:\/\/i0.wp.com\/bosquesdecantabria.org\/wordpress\/wp-content\/uploads\/2013\/04\/cropped-REFORESTA-BOSQUES-FRENTE-AL-CAMBIO-CLIMATICO-min-2.jpg?resize=300%2C198&amp;ssl=1 300w\" sizes=\"auto, (max-width: 718px) 100vw, 718px\" \/><\/a><\/figure>\n<\/div>\n\n\n<div style=\"height:39px\" aria-hidden=\"true\" class=\"wp-block-spacer\"><\/div>\n\n\n\n<hr class=\"wp-block-separator has-alpha-channel-opacity\"\/>\n\n\n\n<div style=\"height:37px\" aria-hidden=\"true\" class=\"wp-block-spacer\"><\/div>\n\n\n\n<div class=\"wp-block-columns has-background is-layout-flex wp-container-core-columns-is-layout-9d6595d7 wp-block-columns-is-layout-flex\" style=\"background:radial-gradient(rgb(202,248,128) 0%,rgb(113,206,126) 17%)\">\n<div class=\"wp-block-column is-vertically-aligned-top has-white-color has-text-color has-small-font-size is-layout-flow wp-block-column-is-layout-flow\" style=\"text-transform:none\">\n<figure class=\"wp-block-image size-medium is-resized\"><a href=\"https:\/\/bosquesdecantabria.org\/wordpress\/arboreto-de-liendo\/\"><img data-recalc-dims=\"1\" loading=\"lazy\" decoding=\"async\" src=\"https:\/\/i0.wp.com\/bosquesdecantabria.org\/wordpress\/wp-content\/uploads\/2023\/07\/Arboreto-e1689847461835-300x200.jpeg?resize=201%2C133&#038;ssl=1\" alt=\"Ni\u00f1os y ni\u00f1as, con unas personas adultas detr\u00e1s, prestan atenci\u00f3n a las explicaciones de la monitora, que les muestra las hojas de un \u00e1rbol.\" class=\"wp-image-1236\" width=\"201\" height=\"133\"\/><\/a><figcaption class=\"wp-element-caption\"><span style=\"text-decoration: underline;\"> <strong><a href=\"https:\/\/bosquesdecantabria.org\/wordpress\/arboreto-de-liendo\/\"><mark style=\"background-color:rgba(0, 0, 0, 0)\" class=\"has-inline-color has-white-color\">El Arboreto de Liendo<\/mark><\/a><\/strong><\/span><br><strong><em> Un jard\u00edn bot\u00e1nico abierto al p\u00fablico, con rutas gratuitas guiadas.<\/em><\/strong><\/figcaption><\/figure>\n<\/div>\n\n\n\n<div class=\"wp-block-column is-vertically-aligned-top has-white-color has-text-color has-small-font-size is-layout-flow wp-block-column-is-layout-flow\" style=\"text-transform:none\">\n<figure class=\"wp-block-image size-medium is-resized\"><a href=\"https:\/\/bosquesdecantabria.org\/wordpress\/reforesta\/\"><img data-recalc-dims=\"1\" loading=\"lazy\" decoding=\"async\" src=\"https:\/\/i0.wp.com\/bosquesdecantabria.org\/wordpress\/wp-content\/uploads\/2013\/04\/cropped-REFORESTA-BOSQUES-FRENTE-AL-CAMBIO-CLIMATICO-min-2.jpg?resize=203%2C134&#038;ssl=1\" alt=\"\" class=\"wp-image-1226\" width=\"203\" height=\"134\" srcset=\"https:\/\/i0.wp.com\/bosquesdecantabria.org\/wordpress\/wp-content\/uploads\/2013\/04\/cropped-REFORESTA-BOSQUES-FRENTE-AL-CAMBIO-CLIMATICO-min-2.jpg?resize=300%2C198&amp;ssl=1 300w, https:\/\/i0.wp.com\/bosquesdecantabria.org\/wordpress\/wp-content\/uploads\/2013\/04\/cropped-REFORESTA-BOSQUES-FRENTE-AL-CAMBIO-CLIMATICO-min-2.jpg?w=718&amp;ssl=1 718w\" sizes=\"auto, (max-width: 203px) 100vw, 203px\" \/><\/a><figcaption class=\"wp-element-caption\"><mark style=\"background-color:rgba(0, 0, 0, 0)\" class=\"has-inline-color has-white-color\"><span style=\"text-decoration: underline;\"> <\/span><\/mark><strong><span style=\"text-decoration: underline;\"><a rel=\"noreferrer noopener\" href=\"https:\/\/bosquesdecantabria.org\/wordpress\/reforesta\/\" target=\"_blank\"><mark style=\"background-color:rgba(0, 0, 0, 0)\" class=\"has-inline-color has-white-color\">Programa Reforesta<\/mark><\/a><\/span><\/strong><br><strong><em> Conoce el proyecto c\u00e1ntabro para luchar contra el Cambio Clim\u00e1tico.<\/em><\/strong><\/figcaption><\/figure>\n<\/div>\n\n\n\n<div class=\"wp-block-column is-vertically-aligned-top has-white-color has-text-color has-small-font-size is-layout-flow wp-block-column-is-layout-flow\" style=\"text-transform:none\">\n<figure class=\"wp-block-image size-medium is-resized\"><a href=\"https:\/\/www.facebook.com\/bosquesdcantabria\"><img data-recalc-dims=\"1\" loading=\"lazy\" decoding=\"async\" src=\"https:\/\/i0.wp.com\/bosquesdecantabria.org\/wordpress\/wp-content\/uploads\/2015\/10\/Facebook-bosques-de-cantabria.jpg?resize=188%2C134&#038;ssl=1\" alt=\"facebook asociaci\u00f3n cultural bosques de cantabria naturaleza cantabria ecolog\u00eda ecosistemas\" class=\"wp-image-520\" width=\"188\" height=\"134\" srcset=\"https:\/\/i0.wp.com\/bosquesdecantabria.org\/wordpress\/wp-content\/uploads\/2015\/10\/Facebook-bosques-de-cantabria.jpg?resize=300%2C214&amp;ssl=1 300w, https:\/\/i0.wp.com\/bosquesdecantabria.org\/wordpress\/wp-content\/uploads\/2015\/10\/Facebook-bosques-de-cantabria.jpg?resize=550%2C392&amp;ssl=1 550w, https:\/\/i0.wp.com\/bosquesdecantabria.org\/wordpress\/wp-content\/uploads\/2015\/10\/Facebook-bosques-de-cantabria.jpg?w=718&amp;ssl=1 718w\" sizes=\"auto, (max-width: 188px) 100vw, 188px\" \/><\/a><figcaption class=\"wp-element-caption\"><a rel=\"noreferrer noopener\" href=\"https:\/\/www.facebook.com\/bosquesdcantabria\" target=\"_blank\"><strong><mark style=\"background-color:rgba(0, 0, 0, 0)\" class=\"has-inline-color has-white-color\"><span style=\"text-decoration: underline;\"> Redes Sociales<\/span><\/mark><\/strong><\/a><br><strong><em> S\u00edguenos en Facebook para estar al d\u00eda de nuestras actividades por Cantabria.<\/em><\/strong><\/figcaption><\/figure>\n<\/div>\n\n\n\n<div class=\"wp-block-column is-vertically-aligned-top has-small-font-size is-layout-flow wp-block-column-is-layout-flow\">\n<figure class=\"wp-block-image size-medium is-resized\"><a href=\"http:\/\/www.youtube.com\/user\/BosquesdeCantabria\"><img data-recalc-dims=\"1\" loading=\"lazy\" decoding=\"async\" src=\"https:\/\/i0.wp.com\/bosquesdecantabria.org\/wordpress\/wp-content\/uploads\/2013\/04\/Miniatura-de-video.jpg?resize=186%2C132&#038;ssl=1\" alt=\"Foto del nacimiento del As\u00f3n con el icono de &quot;play&quot; habitual en v\u00eddeos y una banda con el logo de Youtube cruzando abajo a la derecha.\" class=\"wp-image-240\" width=\"186\" height=\"132\" srcset=\"https:\/\/i0.wp.com\/bosquesdecantabria.org\/wordpress\/wp-content\/uploads\/2013\/04\/Miniatura-de-video.jpg?resize=300%2C214&amp;ssl=1 300w, https:\/\/i0.wp.com\/bosquesdecantabria.org\/wordpress\/wp-content\/uploads\/2013\/04\/Miniatura-de-video.jpg?resize=550%2C392&amp;ssl=1 550w, https:\/\/i0.wp.com\/bosquesdecantabria.org\/wordpress\/wp-content\/uploads\/2013\/04\/Miniatura-de-video.jpg?w=718&amp;ssl=1 718w\" sizes=\"auto, (max-width: 186px) 100vw, 186px\" \/><\/a><figcaption class=\"wp-element-caption\"><a rel=\"noreferrer noopener\" href=\"http:\/\/www.youtube.com\/user\/BosquesdeCantabria\" target=\"_blank\"><strong><mark style=\"background-color:rgba(0, 0, 0, 0)\" class=\"has-inline-color has-pale-cyan-blue-color\"><span style=\"text-decoration: underline;\"> <\/span><\/mark><mark style=\"background-color:rgba(0, 0, 0, 0)\" class=\"has-inline-color has-white-color\"><span style=\"text-decoration: underline;\">Canal de v\u00eddeos<\/span><\/mark><\/strong><\/a><br><mark style=\"background-color:rgba(0, 0, 0, 0)\" class=\"has-inline-color has-white-color\"><strong> <em>No te pierdas nuestras actividades y jornadas desde el canal de Bosques de Cantabria.<\/em><\/strong><\/mark><\/figcaption><\/figure>\n<\/div>\n<\/div>\n\n\n\n<hr class=\"wp-block-separator has-alpha-channel-opacity\"\/>\n\n\n\n<div style=\"height:22px\" aria-hidden=\"true\" class=\"wp-block-spacer\"><\/div>\n\n\n\n<div class=\"wp-block-buttons is-content-justification-right is-layout-flex wp-container-core-buttons-is-layout-765c4724 wp-block-buttons-is-layout-flex\">\n<div class=\"wp-block-button\"><a class=\"wp-block-button__link wp-element-button\" href=\"https:\/\/bosquesdecantabria.org\/wordpress\/blog\/\">Ir al <em>blog<\/em> de <strong><em>Bosques de Cantabria<\/em><\/strong><\/a><\/div>\n<\/div>\n\n\n\n<div style=\"height:46px\" aria-hidden=\"true\" class=\"wp-block-spacer\"><\/div>\n\n\n\n<hr class=\"wp-block-separator has-alpha-channel-opacity\"\/>\n","protected":false},"excerpt":{"rendered":"","protected":false},"author":2,"featured_media":1226,"parent":0,"menu_order":0,"comment_status":"closed","ping_status":"closed","template":"template-fullwidth.php","meta":{"advanced_seo_description":"","jetpack_seo_html_title":"","jetpack_seo_noindex":false,"jetpack_post_was_ever_published":false,"footnotes":""},"class_list":["post-1260","page","type-page","status-publish","has-post-thumbnail","hentry"],"jetpack-related-posts":[],"jetpack_likes_enabled":true,"jetpack_sharing_enabled":true,"_links":{"self":[{"href":"https:\/\/bosquesdecantabria.org\/wordpress\/wp-json\/wp\/v2\/pages\/1260","targetHints":{"allow":["GET"]}}],"collection":[{"href":"https:\/\/bosquesdecantabria.org\/wordpress\/wp-json\/wp\/v2\/pages"}],"about":[{"href":"https:\/\/bosquesdecantabria.org\/wordpress\/wp-json\/wp\/v2\/types\/page"}],"author":[{"embeddable":true,"href":"https:\/\/bosquesdecantabria.org\/wordpress\/wp-json\/wp\/v2\/users\/2"}],"replies":[{"embeddable":true,"href":"https:\/\/bosquesdecantabria.org\/wordpress\/wp-json\/wp\/v2\/comments?post=1260"}],"version-history":[{"count":55,"href":"https:\/\/bosquesdecantabria.org\/wordpress\/wp-json\/wp\/v2\/pages\/1260\/revisions"}],"predecessor-version":[{"id":1366,"href":"https:\/\/bosquesdecantabria.org\/wordpress\/wp-json\/wp\/v2\/pages\/1260\/revisions\/1366"}],"wp:featuredmedia":[{"embeddable":true,"href":"https:\/\/bosquesdecantabria.org\/wordpress\/wp-json\/wp\/v2\/media\/1226"}],"wp:attachment":[{"href":"https:\/\/bosquesdecantabria.org\/wordpress\/wp-json\/wp\/v2\/media?parent=1260"}],"curies":[{"name":"wp","href":"https:\/\/api.w.org\/{rel}","templated":true}]}}