{"id":403,"date":"2014-11-04T17:00:17","date_gmt":"2014-11-04T17:00:17","guid":{"rendered":"http:\/\/bosquesdecantabria.org\/wordpress\/?page_id=403"},"modified":"2019-03-17T12:03:24","modified_gmt":"2019-03-17T12:03:24","slug":"estudios-tecnicos","status":"publish","type":"page","link":"https:\/\/bosquesdecantabria.org\/wordpress\/estudios-tecnicos\/","title":{"rendered":"ESTUDIOS T\u00c9CNICOS"},"content":{"rendered":"<h3 style=\"text-align: justify;\"><span><strong><em>\u00a0 \u00a0A lo largo de su trayectoria, la oficina t\u00e9cnica de la Asociaci\u00f3n Cultural Bosques de Cantabria ha ido ampliando sus \u00e1reas de trabajo, seg\u00fan han ido apareciendo nuevas necesidades a cubrir en el campo del cuidado y conservaci\u00f3n del medio ambiente. Hoy en d\u00eda, nuestra Asociaci\u00f3n se dibuja como una de las principales Entidades especializadas en servicios t\u00e9cnicos medioambientales de Cantabria, valorada tanto por el nivel t\u00e9cnico alcanzado en la resoluci\u00f3n de las necesidades que plantean los clientes, como por la adaptabilidad a las diferentes tem\u00e1ticas ambientales.<\/em><\/strong><\/span><\/h3>\n<h3 style=\"text-align: justify;\"><em><strong>\u00a0 \u00a0Inventarios de arbolado urbano, dise\u00f1o de sendas y los recorridos \u00a0naturales municipales, proyectos de centros de interpretaci\u00f3n de naturaleza, planes de gesti\u00f3n ambiental o la elaboraci\u00f3n de manuales y asistencias t\u00e9cnicas, son algunos de los estudios m\u00e1s significativos que se han llevado a cabo en los \u00faltimos a\u00f1os.<\/strong><\/em><\/h3>\n<p><img data-recalc-dims=\"1\" loading=\"lazy\" decoding=\"async\" alt=\"\" src=\"https:\/\/i0.wp.com\/bosquesdecantabria.org\/wordpress\/wp-content\/uploads\/2014\/11\/barra-espaciadora-bosques-de-cantabria.png?resize=980%2C72&#038;ssl=1\" width=\"980\" height=\"72\" \/><\/p>\n<h2><strong>ESTUDIOS Y ASISTENCIAS T\u00c9CNICAS M\u00c1S DESTACADAS:<\/strong><\/h2>\n<p style=\"text-align: justify;\"><strong>\u00a0 \u00a0<\/strong><\/p>\n<p style=\"text-align: justify;\"><a href=\"https:\/\/bosquesdecantabria.org\/wordpress\/wp-content\/uploads\/2015\/11\/MANUAL-DE-SUSTITUCION-DE-EUCALIPTO-POR-BOSQUE-AUT\u00d3CTONO-resumen-web-incompleto.pdf\" target=\"_blank\" rel=\"noopener noreferrer\"><img data-recalc-dims=\"1\" loading=\"lazy\" decoding=\"async\" class=\"aligncenter size-full wp-image-824\" alt=\"estudios t\u00e9cnicos 1 asociaci\u00f3n cultural bosques de cantabria\" src=\"https:\/\/i0.wp.com\/bosquesdecantabria.org\/wordpress\/wp-content\/uploads\/2015\/11\/estudios-t%C3%A9cnicos-1-asociaci%C3%B3n-cultural-bosques-de-cantabria.jpg?resize=980%2C383&#038;ssl=1\" width=\"980\" height=\"383\" srcset=\"https:\/\/i0.wp.com\/bosquesdecantabria.org\/wordpress\/wp-content\/uploads\/2015\/11\/estudios-t%C3%A9cnicos-1-asociaci%C3%B3n-cultural-bosques-de-cantabria.jpg?w=1024&amp;ssl=1 1024w, https:\/\/i0.wp.com\/bosquesdecantabria.org\/wordpress\/wp-content\/uploads\/2015\/11\/estudios-t%C3%A9cnicos-1-asociaci%C3%B3n-cultural-bosques-de-cantabria.jpg?resize=300%2C117&amp;ssl=1 300w, https:\/\/i0.wp.com\/bosquesdecantabria.org\/wordpress\/wp-content\/uploads\/2015\/11\/estudios-t%C3%A9cnicos-1-asociaci%C3%B3n-cultural-bosques-de-cantabria.jpg?resize=980%2C382&amp;ssl=1 980w, https:\/\/i0.wp.com\/bosquesdecantabria.org\/wordpress\/wp-content\/uploads\/2015\/11\/estudios-t%C3%A9cnicos-1-asociaci%C3%B3n-cultural-bosques-de-cantabria.jpg?resize=550%2C214&amp;ssl=1 550w\" sizes=\"auto, (max-width: 980px) 100vw, 980px\" \/><\/a><\/p>\n<hr \/>\n<p><a href=\"https:\/\/youtu.be\/scDz0xKnJeg\" target=\"_blank\" rel=\"noopener noreferrer\"><img data-recalc-dims=\"1\" loading=\"lazy\" decoding=\"async\" class=\"aligncenter size-full wp-image-833\" alt=\"estudios t\u00e9cnicos 4 asociaci\u00f3n cultural bosques de cantabria\" src=\"https:\/\/i0.wp.com\/bosquesdecantabria.org\/wordpress\/wp-content\/uploads\/2015\/11\/estudios-t%C3%A9cnicos-4-asociaci%C3%B3n-cultural-bosques-de-cantabria.jpg?resize=980%2C383&#038;ssl=1\" width=\"980\" height=\"383\" srcset=\"https:\/\/i0.wp.com\/bosquesdecantabria.org\/wordpress\/wp-content\/uploads\/2015\/11\/estudios-t%C3%A9cnicos-4-asociaci%C3%B3n-cultural-bosques-de-cantabria.jpg?w=1024&amp;ssl=1 1024w, https:\/\/i0.wp.com\/bosquesdecantabria.org\/wordpress\/wp-content\/uploads\/2015\/11\/estudios-t%C3%A9cnicos-4-asociaci%C3%B3n-cultural-bosques-de-cantabria.jpg?resize=300%2C117&amp;ssl=1 300w, https:\/\/i0.wp.com\/bosquesdecantabria.org\/wordpress\/wp-content\/uploads\/2015\/11\/estudios-t%C3%A9cnicos-4-asociaci%C3%B3n-cultural-bosques-de-cantabria.jpg?resize=980%2C382&amp;ssl=1 980w, https:\/\/i0.wp.com\/bosquesdecantabria.org\/wordpress\/wp-content\/uploads\/2015\/11\/estudios-t%C3%A9cnicos-4-asociaci%C3%B3n-cultural-bosques-de-cantabria.jpg?resize=550%2C214&amp;ssl=1 550w\" sizes=\"auto, (max-width: 980px) 100vw, 980px\" \/><\/a><\/p>\n<hr \/>\n<p><a href=\"https:\/\/youtu.be\/Amkw7Sj581M\" target=\"_blank\" rel=\"noopener noreferrer\"><img data-recalc-dims=\"1\" loading=\"lazy\" decoding=\"async\" class=\"aligncenter size-full wp-image-835\" alt=\"estudios t\u00e9cnicos 2C asociaci\u00f3n cultural bosques de cantabria\" src=\"https:\/\/i0.wp.com\/bosquesdecantabria.org\/wordpress\/wp-content\/uploads\/2015\/11\/estudios-t%C3%A9cnicos-2C-asociaci%C3%B3n-cultural-bosques-de-cantabria.jpg?resize=980%2C383&#038;ssl=1\" width=\"980\" height=\"383\" srcset=\"https:\/\/i0.wp.com\/bosquesdecantabria.org\/wordpress\/wp-content\/uploads\/2015\/11\/estudios-t%C3%A9cnicos-2C-asociaci%C3%B3n-cultural-bosques-de-cantabria.jpg?w=1024&amp;ssl=1 1024w, https:\/\/i0.wp.com\/bosquesdecantabria.org\/wordpress\/wp-content\/uploads\/2015\/11\/estudios-t%C3%A9cnicos-2C-asociaci%C3%B3n-cultural-bosques-de-cantabria.jpg?resize=300%2C117&amp;ssl=1 300w, https:\/\/i0.wp.com\/bosquesdecantabria.org\/wordpress\/wp-content\/uploads\/2015\/11\/estudios-t%C3%A9cnicos-2C-asociaci%C3%B3n-cultural-bosques-de-cantabria.jpg?resize=980%2C382&amp;ssl=1 980w, https:\/\/i0.wp.com\/bosquesdecantabria.org\/wordpress\/wp-content\/uploads\/2015\/11\/estudios-t%C3%A9cnicos-2C-asociaci%C3%B3n-cultural-bosques-de-cantabria.jpg?resize=550%2C214&amp;ssl=1 550w\" sizes=\"auto, (max-width: 980px) 100vw, 980px\" \/><\/a><\/p>\n<hr \/>\n<p>&nbsp;<\/p>\n","protected":false},"excerpt":{"rendered":"<p>\u00a0 \u00a0A lo largo de su trayectoria, la oficina t\u00e9cnica de la Asociaci\u00f3n Cultural Bosques de Cantabria ha ido ampliando sus \u00e1reas de trabajo, seg\u00fan han ido apareciendo nuevas necesidades a cubrir en el campo del cuidado y conservaci\u00f3n del&#8230;<\/p>\n","protected":false},"author":1,"featured_media":0,"parent":0,"menu_order":0,"comment_status":"closed","ping_status":"closed","template":"template-fullwidth.php","meta":{"advanced_seo_description":"","jetpack_seo_html_title":"","jetpack_seo_noindex":false,"jetpack_post_was_ever_published":false,"footnotes":""},"class_list":["post-403","page","type-page","status-publish","hentry"],"jetpack-related-posts":[],"jetpack_likes_enabled":true,"jetpack_sharing_enabled":true,"_links":{"self":[{"href":"https:\/\/bosquesdecantabria.org\/wordpress\/wp-json\/wp\/v2\/pages\/403","targetHints":{"allow":["GET"]}}],"collection":[{"href":"https:\/\/bosquesdecantabria.org\/wordpress\/wp-json\/wp\/v2\/pages"}],"about":[{"href":"https:\/\/bosquesdecantabria.org\/wordpress\/wp-json\/wp\/v2\/types\/page"}],"author":[{"embeddable":true,"href":"https:\/\/bosquesdecantabria.org\/wordpress\/wp-json\/wp\/v2\/users\/1"}],"replies":[{"embeddable":true,"href":"https:\/\/bosquesdecantabria.org\/wordpress\/wp-json\/wp\/v2\/comments?post=403"}],"version-history":[{"count":22,"href":"https:\/\/bosquesdecantabria.org\/wordpress\/wp-json\/wp\/v2\/pages\/403\/revisions"}],"predecessor-version":[{"id":1086,"href":"https:\/\/bosquesdecantabria.org\/wordpress\/wp-json\/wp\/v2\/pages\/403\/revisions\/1086"}],"wp:attachment":[{"href":"https:\/\/bosquesdecantabria.org\/wordpress\/wp-json\/wp\/v2\/media?parent=403"}],"curies":[{"name":"wp","href":"https:\/\/api.w.org\/{rel}","templated":true}]}}